{"id":6,"date":"2024-09-10T19:15:00","date_gmt":"2024-09-10T17:15:00","guid":{"rendered":"https:\/\/boring-bell.62-210-145-80.plesk.page\/agence\/?page_id=6"},"modified":"2025-10-08T10:16:00","modified_gmt":"2025-10-08T08:16:00","slug":"page-daccueil","status":"publish","type":"page","link":"https:\/\/cooperative-cvm.fr\/agence\/","title":{"rendered":"Accueil"},"content":{"rendered":"<section class=\"hero\">\n\n  \n  <div class=\"hero__inner\">\n\n    <svg class=\"hero__background-shape -xsmall-screen\" xmlns=\"http:\/\/www.w3.org\/2000\/svg\" fill=\"none\" viewBox=\"0 0 375 684\" preserveAspectRatio=\"none\" aria-hidden=\"true\" focusable=\"false\">\n      <path fill=\"url(#hero-bg-shape-xs)\" fill-rule=\"evenodd\" d=\"M375 538.342V0H0v684l258.308-60.602S329.199 613.49 375 538.342Z\" clip-rule=\"evenodd\"\/>\n      <defs>\n        <linearGradient id=\"hero-bg-shape-xs\" x1=\"61\" x2=\"254\" y1=\"95\" y2=\"275\" gradientUnits=\"userSpaceOnUse\">\n          <stop stop-color=\"#68d6b4\"\/>\n          <stop offset=\"1\" stop-color=\"#2fbecf\"\/>\n        <\/linearGradient>\n      <\/defs>\n    <\/svg>\n\n    <svg class=\"hero__background-shape\" xmlns=\"http:\/\/www.w3.org\/2000\/svg\" fill=\"none\" viewBox=\"0 0 3000 1168\" aria-hidden=\"true\" focusable=\"false\">\n      <path fill=\"url(#hero-bg-shape)\" d=\"M0 0v1168l2464.28-444.82s158.83-17.168 241.04-156.467C2784.14 432.965 3000 0 3000 0H0Z\"\/>\n      <defs>\n        <linearGradient id=\"hero-bg-shape\" x1=\"1500\" x2=\"2300\" y1=\"0\" y2=\"390\" gradientUnits=\"userSpaceOnUse\">\n          <stop stop-color=\"#68d6b4\"\/>\n          <stop offset=\"1\" stop-color=\"#2fbecf\"\/>\n        <\/linearGradient>\n      <\/defs>\n    <\/svg>\n\n        <img decoding=\"async\" class=\"hero__image\" src=\"https:\/\/cooperative-cvm.fr\/agence\/wp-content\/uploads\/sites\/2\/2021\/12\/hero-agence.png\" alt=\"\">\n    \n    <div class=\"hero__main-content\">\n\n      <h1 class=\"title\">L\u2019Agence CVM : l&rsquo;agence de communication de la soci\u00e9t\u00e9 de demain<\/h1>\n\n            <div class=\"hero__headline\"><p>Plus qu&rsquo;une agence de communication, l&rsquo;Agence CVM accompagne celles et ceux qui pensent et s&rsquo;engagent pour la <strong>soci\u00e9t\u00e9 de demain, durable, juste et solidaire.<\/strong><\/p>\n<p>Elle d\u00e9ploie son expertise en <strong>communication 360\u00b0<\/strong> en gardant \u00e0 coeur <strong>l&rsquo;efficacit\u00e9 et l&rsquo;impact positif.\u00a0<\/strong><\/p>\n<\/div>\n            <a class=\"btn--white u-mt-6\" href=\"\/agence\/qui-sommes-nous\/\">Qui sommes-nous ?<\/a>\n      \n    <\/div>\n\n  <\/div>\n\n  \n<\/section>\n\n\n<h2 class=\"wp-block-heading has-text-align-left\"><strong>Une agence de communication responsable et solidaire<\/strong><\/h2>\n\n\n\n<p>L&rsquo;Agence CVM est une <strong>agence de communication fran\u00e7aise, responsable et solidaire. <\/strong>Ses sp\u00e9cificit\u00e9s ? Un mod\u00e8le <strong>\u00e0 but non lucratif<\/strong> et \u00e0 taille humaine. Avec nous, pas de recherche effr\u00e9n\u00e9e du profit, nous privil\u00e9gions la communication \u00e0 impact positif. L&rsquo;Agence CVM est sp\u00e9cialis\u00e9e dans les domaines de la <strong>communication print et digitale<\/strong>, de la <strong>sant\u00e9 <\/strong>et de la <strong>protection sociale<\/strong>. <a href=\"https:\/\/cooperative-cvm.fr\/agence\/qui-sommes-nous\/\" title=\"Qui sommes-nous ?\">Depuis plus de 20 ans,<\/a> notre \u00e9quipe accompagne et conseille <strong>structures mutualistes et acteurs de l&rsquo;\u00e9conomie sociale et solidaire (ESS) <\/strong>en g\u00e9n\u00e9ral pour les guider dans leur communication.<\/p>\n\n\n\n<h2 class=\"wp-block-heading\"><strong>Une agence de communication \u00e0 360\u00b0<\/strong><\/h2>\n\n\n\n<p>Une chose est s\u00fbre : <strong>l&rsquo;Agence CVM est une agence 360\u00b0<\/strong> ! R\u00e9alisation de <a href=\"https:\/\/cooperative-cvm.fr\/agence\/realisations\/?cvm-page=1&amp;cvm-category=16\" title=\"vid\u00e9os\">vid\u00e9os<\/a>, de <a href=\"https:\/\/cooperative-cvm.fr\/agence\/project-category\/print\/\" title=\"print\">plaquettes<\/a>, animation de r\u00e9seaux sociaux, cr\u00e9ation de<a href=\"https:\/\/cooperative-cvm.fr\/agence\/realisations\/refonte-du-site-de-la-fraternelle-des-territoriaux\/\" title=\"Refonte du site de la Fraternelle des Territoriaux\"> sites internet<\/a>, r\u00e9daction <a href=\"https:\/\/www.planete-communication.fr\/les-actualites-de-planete-communication\/743-seo-definition-simple-pour-comprendre-le-referencement-naturel-planete-communication.html\" target=\"_blank\" rel=\"noreferrer noopener\" title=\"D\u00e9finition du SEO\">SEO<\/a>, <a href=\"https:\/\/cooperative-cvm.fr\/agence\/realisations\/animer-des-reseaux-sociaux\/\" title=\"\">community management<\/a>, accompagnement et conseil&#8230; Gr\u00e2ce \u00e0 une <strong>\u00e9quipe de communicantes aux multiples savoirs-faire<\/strong>, nous d\u00e9ployons plusieurs expertises : sant\u00e9, pr\u00e9vention, environnement, protection sociale, culture, secteur mutualiste, secteur associatif&#8230; En faisant appel \u00e0 nous, vous vous reposez sur nos comp\u00e9tences en communication responsable et faites confiance \u00e0 notre connaissance des sp\u00e9cificit\u00e9s de votre secteur.<\/p>\n\n\n\n<h2 class=\"wp-block-heading\"><strong>Accompagner la communication des acteurs de l&rsquo;\u00e9conomie sociale et solidaire<\/strong><\/h2>\n\n\n\n<p>Depuis plus de 20 ans, l\u2019Agence CVM s\u2019engage aux c\u00f4t\u00e9s des acteurs mutualistes. Aujourd&rsquo;hui, elle \u00e9largit son expertise pour accompagner les <strong>acteurs de l\u2019\u00e9conomie sociale et solidaire<\/strong>. <\/p>\n\n\n\n<p>Nos clients sont des mutuelles, des f\u00e9d\u00e9rations, des associations, des entreprises agr\u00e9\u00e9es ESUS ou \u00e0 impact, des fondations&#8230;<\/p>\n\n\n\n<p>Forts de valeurs communes et d\u2019un <strong>mode de fonctionnement collaboratif<\/strong>, nous mettons en \u0153uvre des strat\u00e9gies de communication globales et adapt\u00e9es aux enjeux de l\u2019ESS : print, digital, vid\u00e9o, formations, s\u00e9minaires, conseil strat\u00e9gique, positionnement et identit\u00e9 de marque. Nos campagnes, toujours \u00e0 impact positif, visent \u00e0 renforcer<strong> la visibilit\u00e9 et l&rsquo;influence<\/strong> des projets qui transforment la soci\u00e9t\u00e9.<\/p>\n\n\n\n<p>Vous avez envie d&rsquo;en savoir plus ? D\u00e9couvrez <a href=\"https:\/\/cooperative-cvm.fr\/agence\/realisations\/\" title=\"\">toutes nos r\u00e9alisations<\/a>.<\/p>\n\n\n\n<h2 class=\"wp-block-heading has-text-align-center\">Notre \u00e9quipe<\/h2>\n\n\n<div class=\"grid -gutter-y-medium u-justify-center\">\n    <div class=\"grid__item lg:u-w-1\/4\">\n    <article class=\"card-member\">\n      <div class=\"card-member__inner\">\n      \n        <figure class=\"card-member__avatar\">\n          <img decoding=\"async\" src=\"https:\/\/cooperative-cvm.fr\/agence\/wp-content\/uploads\/sites\/2\/2023\/07\/sophie-1.png\" alt=\"\">\n        <\/figure>\n\n        <h3 class=\"card-member__title\">Sophie Dombrowski<\/h3>\n\n        <p class=\"card-member__subtitle\">Responsable de l&rsquo;Agence CVM<\/p>\n\n        \n      <\/div>\n    <\/article>\n  <\/div>\n    <div class=\"grid__item lg:u-w-1\/4\">\n    <article class=\"card-member\">\n      <div class=\"card-member__inner\">\n      \n        <figure class=\"card-member__avatar\">\n          <img decoding=\"async\" src=\"https:\/\/cooperative-cvm.fr\/agence\/wp-content\/uploads\/sites\/2\/2024\/05\/cecilia.png\" alt=\"\">\n        <\/figure>\n\n        <h3 class=\"card-member__title\">C\u00e9cilia Naquin<\/h3>\n\n        <p class=\"card-member__subtitle\">Cheffe de projet communication<\/p>\n\n        \n      <\/div>\n    <\/article>\n  <\/div>\n    <div class=\"grid__item lg:u-w-1\/4\">\n    <article class=\"card-member\">\n      <div class=\"card-member__inner\">\n      \n        <figure class=\"card-member__avatar\">\n          <img decoding=\"async\" src=\"https:\/\/cooperative-cvm.fr\/agence\/wp-content\/uploads\/sites\/2\/2023\/07\/roxane.png\" alt=\"\">\n        <\/figure>\n\n        <h3 class=\"card-member__title\">Roxane Lucas<\/h3>\n\n        <p class=\"card-member__subtitle\">Apprentie social media manager<\/p>\n\n        \n      <\/div>\n    <\/article>\n  <\/div>\n  <\/div>\n\n\n\n<p><\/p>\n","protected":false},"excerpt":{"rendered":"<p>Une agence de communication responsable et solidaire L&rsquo;Agence CVM est une agence de communication fran\u00e7aise, responsable et solidaire. Ses sp\u00e9cificit\u00e9s ? Un mod\u00e8le \u00e0 but non lucratif et \u00e0 taille humaine. Avec nous, pas de recherche effr\u00e9n\u00e9e du profit, nous privil\u00e9gions la communication \u00e0 impact positif. L&rsquo;Agence CVM est sp\u00e9cialis\u00e9e dans les domaines de la [&hellip;]<\/p>\n","protected":false},"author":8,"featured_media":0,"parent":0,"menu_order":0,"comment_status":"closed","ping_status":"closed","template":"","meta":{"_acf_changed":false,"footnotes":""},"class_list":["post-6","page","type-page","status-publish","hentry"],"aioseo_notices":[],"acf":[],"_links":{"self":[{"href":"https:\/\/cooperative-cvm.fr\/agence\/wp-json\/wp\/v2\/pages\/6","targetHints":{"allow":["GET"]}}],"collection":[{"href":"https:\/\/cooperative-cvm.fr\/agence\/wp-json\/wp\/v2\/pages"}],"about":[{"href":"https:\/\/cooperative-cvm.fr\/agence\/wp-json\/wp\/v2\/types\/page"}],"author":[{"embeddable":true,"href":"https:\/\/cooperative-cvm.fr\/agence\/wp-json\/wp\/v2\/users\/8"}],"replies":[{"embeddable":true,"href":"https:\/\/cooperative-cvm.fr\/agence\/wp-json\/wp\/v2\/comments?post=6"}],"version-history":[{"count":53,"href":"https:\/\/cooperative-cvm.fr\/agence\/wp-json\/wp\/v2\/pages\/6\/revisions"}],"predecessor-version":[{"id":1735,"href":"https:\/\/cooperative-cvm.fr\/agence\/wp-json\/wp\/v2\/pages\/6\/revisions\/1735"}],"wp:attachment":[{"href":"https:\/\/cooperative-cvm.fr\/agence\/wp-json\/wp\/v2\/media?parent=6"}],"curies":[{"name":"wp","href":"https:\/\/api.w.org\/{rel}","templated":true}]}}