{"id":544,"date":"2022-01-07T15:26:52","date_gmt":"2022-01-07T14:26:52","guid":{"rendered":"https:\/\/boring-bell.62-210-145-80.plesk.page\/agence\/?post_type=project&#038;p=544"},"modified":"2022-05-12T15:00:43","modified_gmt":"2022-05-12T13:00:43","slug":"preparation-du-congres-de-la-federation-des-mutuelles-de-france-2020","status":"publish","type":"project","link":"https:\/\/cooperative-cvm.fr\/agence\/realisations\/preparation-du-congres-de-la-federation-des-mutuelles-de-france-2020\/","title":{"rendered":"Pr\u00e9paration du congr\u00e8s de la F\u00e9d\u00e9ration des Mutuelles de France 2020"},"content":{"rendered":"\n<figure class=\"wp-block-image size-full\"><img loading=\"lazy\" decoding=\"async\" width=\"1700\" height=\"750\" src=\"https:\/\/boring-bell.62-210-145-80.plesk.page\/agence\/wp-content\/uploads\/sites\/2\/2022\/01\/1700x750-congresmutuelle.png\" alt=\"Mise en avant du stand et des signal\u00e9tiques cr\u00e9\u00e9s pour le Congr\u00e8s des Mutuelles de France de 2020 par l'Agence CVM\" class=\"wp-image-548\" srcset=\"https:\/\/cooperative-cvm.fr\/agence\/wp-content\/uploads\/sites\/2\/2022\/01\/1700x750-congresmutuelle.png 1700w, https:\/\/cooperative-cvm.fr\/agence\/wp-content\/uploads\/sites\/2\/2022\/01\/1700x750-congresmutuelle-1536x678.png 1536w, https:\/\/cooperative-cvm.fr\/agence\/wp-content\/uploads\/sites\/2\/2022\/01\/1700x750-congresmutuelle-1250x551.png 1250w, https:\/\/cooperative-cvm.fr\/agence\/wp-content\/uploads\/sites\/2\/2022\/01\/1700x750-congresmutuelle-825x364.png 825w, https:\/\/cooperative-cvm.fr\/agence\/wp-content\/uploads\/sites\/2\/2022\/01\/1700x750-congresmutuelle-850x375.png 850w, https:\/\/cooperative-cvm.fr\/agence\/wp-content\/uploads\/sites\/2\/2022\/01\/1700x750-congresmutuelle-561x248.png 561w\" sizes=\"auto, (max-width: 1700px) 100vw, 1700px\" \/><\/figure>\n\n\n\n<h2 class=\"wp-block-heading\">Charte graphique de l\u2019\u00e9v\u00e9nement<\/h2>\n\n\n\n<p>La <a href=\"https:\/\/www.mutuelles-de-france.fr\" target=\"_blank\" rel=\"noreferrer noopener\" title=\"https:\/\/www.mutuelles-de-france.fr\">F\u00e9d\u00e9ration des Mutuelles de France<\/a> souhaitait avoir une identit\u00e9 propre \u00e0<a href=\"https:\/\/boring-bell.62-210-145-80.plesk.page\/agence\/realisations\/?cvm-page=1&amp;cvm-category=27\" target=\"_blank\" rel=\"noreferrer noopener\"> l\u2019\u00e9v\u00e9nement<\/a>. Les objectifs \u00e9taient de mettre en avant les couleurs de la f\u00e9d\u00e9ration avec une allusion \u00e0 la ville de Brest.&nbsp;<\/p>\n\n\n\n<p>Nous avons donc travaill\u00e9 avec nos \u00e9quipes cr\u00e9atives pour mettre en place une charte graphique en reprenant les couleurs de la f\u00e9d\u00e9ration. Nous avons \u00e9galement rajout\u00e9 une boussole marine sur le logo afin de repr\u00e9senter la ville de Brest. Pour une lecture claire du logo, nous avons rajout\u00e9 le nom et la\u00a0<em>baseline\u00a0<\/em>de l\u2019\u00e9v\u00e9nement.\u00a0<\/p>\n\n\n\n<p>Nous avons ensuite r\u00e9alis\u00e9 toutes les d\u00e9clinaisons de l\u2019identit\u00e9 sur les supports de communication de l\u2019\u00e9v\u00e9nement.&nbsp;<\/p>\n\n\n\n<h2 class=\"wp-block-heading\">Supports de communication 360<\/h2>\n\n\n\n<p>Nous avons ensuite apport\u00e9 notre expertise pour la r\u00e9alisation des supports de communication. En plus du brief initial du client, nous avons propos\u00e9 certains supports pour faire de cet \u00e9v\u00e9nement mutualiste un vrai moment de partage.&nbsp;<\/p>\n\n\n\n<h3 class=\"wp-block-heading\">Les supports imprim\u00e9s<\/h3>\n\n\n\n<p>Afin de mieux accompagner les congressistes durant ces trois jours, nous avons r\u00e9alis\u00e9 un passeport de 8 pages qui permettait de retrouver les informations pratiques durant l\u2019\u00e9v\u00e9nement.\u00a0<\/p>\n\n\n\n<p>Nous avons \u00e9galement r\u00e9alis\u00e9 des kak\u00e9monos et des oriflammes que nous avons positionn\u00e9 dans des endroits strat\u00e9giques de la salle. On pouvait retrouver sur ces supports l\u2019identit\u00e9 de l\u2019\u00e9v\u00e9nement.<\/p>\n\n\n\n<h3 class=\"wp-block-heading\">D\u00e9cor&nbsp;<\/h3>\n\n\n\n<p>Pour rendre cet \u00e9v\u00e9nement esth\u00e9tique et pratique, nous avons mis en place une d\u00e9coration \u00e0 l\u2019image de l\u2019\u00e9v\u00e9nement et de la F\u00e9d\u00e9ration des Mutuelles de France. On pouvait retrouver le d\u00e9cor partout dans la salle&nbsp;: les b\u00e2ches \u00e0 l\u2019entr\u00e9e et les pendrions sur la sc\u00e8ne principale, mais aussi toute la signal\u00e9tique pour guider les congressistes&nbsp;: fl\u00e9chage au sol, caches poteaux avec le programme et les affiches pour les salles.<\/p>\n\n\n\n<h3 class=\"wp-block-heading\">Infod\u00e9cor<\/h3>\n\n\n\n<p>Nous avons r\u00e9alis\u00e9 tout l\u2019infod\u00e9cor qui \u00e9tait diffus\u00e9 sur les \u00e9crans. Notamment pour la pr\u00e9sentation des intervenant\u00b7es et des d\u00e9bats.<\/p>\n\n\n\n<h3 class=\"wp-block-heading\">Le mur des id\u00e9es<\/h3>\n\n\n\n<p>Le client souhaitait marquer le coup pour ce congr\u00e8s en proposant un outil innovant qui mettait en avant les messages cl\u00e9s de ces trois jours. Nous avons donc mis en place un mur des id\u00e9es qui \u00e9tait diffus\u00e9 sur tous les \u00e9crans. En plus du graphisme, nous l\u2019avons aussi aliment\u00e9 chaque jour durant tout le congr\u00e8s.&nbsp;<\/p>\n\n\n\n<h3 class=\"wp-block-heading\">Goodies<\/h3>\n\n\n\n<p>Le client souhaitait offrir <a href=\"https:\/\/boring-bell.62-210-145-80.plesk.page\/agence\/realisations\/?cvm-category=26\" target=\"_blank\" rel=\"noreferrer noopener\">quelques goodies<\/a> aux congressistes afin de faciliter les prises de notes lors des trois jours et de les remercier de leur pr\u00e9sence&nbsp;: tote-bags, stylos et carnets. Nous avons ensuite con\u00e7u les goodies avec nos \u00e9quipes cr\u00e9atives et nos prestataires de fabrication.&nbsp;<\/p>\n\n\n\n<h3 class=\"wp-block-heading\">Les supports vid\u00e9o&nbsp;<\/h3>\n\n\n\n<p>Avec l\u2019aide de nos prestataires vid\u00e9o (captation d\u2019images, post-production et montage), nous avons pu r\u00e9aliser plusieurs vid\u00e9os diff\u00e9rentes\u00a0: interview&#8230;<\/p>\n\n\n\n<h3 class=\"wp-block-heading\">Le journal du congr\u00e8s&nbsp;<\/h3>\n\n\n\n<p>Pendant tout le congr\u00e8s, les journalistes de <a href=\"https:\/\/boring-bell.62-210-145-80.plesk.page\/presse\/\" target=\"_blank\" rel=\"noreferrer noopener\">la CVM Presse<\/a> ont r\u00e9alis\u00e9 le suivi de l&rsquo;\u00e9v\u00e9nement. Les congressistes pouvaient avoir acc\u00e8s, d\u00e8s le lendemain, aux r\u00e9sum\u00e9s des d\u00e9bats, tables rondes et ateliers dans le journal des congr\u00e8s.\u00a0<\/p>\n","protected":false},"excerpt":{"rendered":"<p>La F\u00e9d\u00e9ration des Mutuelles de France a organis\u00e9 son congr\u00e8s en 2020 et a confi\u00e9 la communication \u00e0 l&rsquo;Agence CVM.<\/p>\n","protected":false},"featured_media":547,"template":"","project-category":[27,9,24,6,16],"class_list":["post-544","project","type-project","status-publish","has-post-thumbnail","hentry","project-category-evenementiel","project-category-digital","project-category-graphisme","project-category-print","project-category-video"],"aioseo_notices":[],"acf":[],"_links":{"self":[{"href":"https:\/\/cooperative-cvm.fr\/agence\/wp-json\/wp\/v2\/project\/544","targetHints":{"allow":["GET"]}}],"collection":[{"href":"https:\/\/cooperative-cvm.fr\/agence\/wp-json\/wp\/v2\/project"}],"about":[{"href":"https:\/\/cooperative-cvm.fr\/agence\/wp-json\/wp\/v2\/types\/project"}],"version-history":[{"count":20,"href":"https:\/\/cooperative-cvm.fr\/agence\/wp-json\/wp\/v2\/project\/544\/revisions"}],"predecessor-version":[{"id":1055,"href":"https:\/\/cooperative-cvm.fr\/agence\/wp-json\/wp\/v2\/project\/544\/revisions\/1055"}],"wp:featuredmedia":[{"embeddable":true,"href":"https:\/\/cooperative-cvm.fr\/agence\/wp-json\/wp\/v2\/media\/547"}],"wp:attachment":[{"href":"https:\/\/cooperative-cvm.fr\/agence\/wp-json\/wp\/v2\/media?parent=544"}],"wp:term":[{"taxonomy":"project-category","embeddable":true,"href":"https:\/\/cooperative-cvm.fr\/agence\/wp-json\/wp\/v2\/project-category?post=544"}],"curies":[{"name":"wp","href":"https:\/\/api.w.org\/{rel}","templated":true}]}}